{"id":535,"date":"2024-03-21T19:13:36","date_gmt":"2024-03-21T19:13:36","guid":{"rendered":"https:\/\/krada.eu\/privaatsuspoliitika\/"},"modified":"2024-07-24T12:26:51","modified_gmt":"2024-07-24T12:26:51","slug":"privaatsuspoliitika","status":"publish","type":"page","link":"https:\/\/krada.eu\/et\/privaatsuspoliitika\/","title":{"rendered":"Privaatsuspoliitika"},"content":{"rendered":"\t\t<div data-elementor-type=\"wp-page\" data-elementor-id=\"535\" class=\"elementor elementor-535 elementor-3\" data-elementor-post-type=\"page\">\n\t\t\t\t<div class=\"elementor-element elementor-element-61270346 e-flex e-con-boxed e-con e-parent\" data-id=\"61270346\" data-element_type=\"container\" data-e-type=\"container\">\n\t\t\t\t\t<div class=\"e-con-inner\">\n\t\t\t\t<div class=\"elementor-element elementor-element-441ebda1 cookie-policy elementor-widget elementor-widget-text-editor\" data-id=\"441ebda1\" data-element_type=\"widget\" data-e-type=\"widget\" data-widget_type=\"text-editor.default\">\n\t\t\t\t<div class=\"elementor-widget-container\">\n\t\t\t\t\t\t\t\t\t<h1>Privaatsuspoliitika<\/h1><p><strong>Viimati uuendatud 19.07.2024<\/strong><br \/><strong>J\u00f5ustumise kuup\u00e4ev 19.07.2024<\/strong><\/p><p>See privaatsuspoliitika kirjeldab Krada O\u00dc poliitikaid <span style=\"text-align: var(--text-align);\">Veeru 18-47, Maardu, 74113, Estonia<\/span> <span style=\"color: var( --e-global-color-text ); font-family: var( --e-global-typography-text-font-family ), Sans-serif; font-weight: var( --e-global-typography-text-font-weight ); text-align: var(--text-align); font-size: 1rem;\">Country<\/span> <span style=\"color: var( --e-global-color-text ); font-family: var( --e-global-typography-text-font-family ), Sans-serif; font-weight: var( --e-global-typography-text-font-weight ); text-align: var(--text-align); font-size: 1rem;\">email:<\/span> <a style=\"font-family: var( --e-global-typography-text-font-family ), Sans-serif; font-weight: var( --e-global-typography-text-font-weight ); text-align: var(--text-align); background-color: #ffffff; font-size: 1rem;\" href=\"mailto:info@krada.eu\">info@krada.eu<\/a><span style=\"color: var( --e-global-color-text ); font-family: var( --e-global-typography-text-font-family ), Sans-serif; font-weight: var( --e-global-typography-text-font-weight ); text-align: var(--text-align); font-size: 1rem;\">, phone:<\/span> <a style=\"font-family: var( --e-global-typography-text-font-family ), Sans-serif; font-weight: var( --e-global-typography-text-font-weight ); text-align: var(--text-align); background-color: #ffffff; font-size: 1rem;\" href=\"tel:+3725176482\">+372 51 76 482<\/a> <span style=\"color: var( --e-global-color-text ); font-family: var( --e-global-typography-text-font-family ), Sans-serif; font-weight: var( --e-global-typography-text-font-weight ); text-align: var(--text-align); font-size: 1rem;\">teavet teie andmete kogumise, kasutamise ja avalikustamise kohta, mida me kogume, kui kasutate meie veebisaiti (<\/span> <a style=\"font-family: var( --e-global-typography-text-font-family ), Sans-serif; font-weight: var( --e-global-typography-text-font-weight ); text-align: var(--text-align); background-color: #ffffff; font-size: 1rem;\" href=\"https:\/\/krada.eu\/et\/\">https:\/\/krada.eu<\/a><span style=\"color: var( --e-global-color-text ); font-family: var( --e-global-typography-text-font-family ), Sans-serif; font-weight: var( --e-global-typography-text-font-weight ); text-align: var(--text-align); font-size: 1rem;\"> ). (\u201cTeenust\u201d). Teenusele juurde p\u00e4\u00e4semise v\u00f5i selle kasutamisega n\u00f5ustute teabe kogumise, kasutamise ja avaldamisega vastavalt sellele privaatsuspoliitikale. Kui te sellega ei n\u00f5ustu, palun \u00e4rge p\u00e4\u00e4sege Teenusele juurde ega kasutage seda.<\/span><\/p><p>Me v\u00f5ime seda privaatsuspoliitikat igal ajal muuta ilma teile eelneva ette teatamiseta ja avaldame uuendatud privaatsuspoliitika Teenusel. Uuendatud poliitika hakkab kehtima 180 p\u00e4eva p\u00e4rast, kui see on Teenusel avaldatud, ja teie j\u00e4tkuv juurdep\u00e4\u00e4s v\u00f5i Teenuse kasutamine p\u00e4rast seda aega t\u00e4histab teie n\u00f5usolekut uuendatud privaatsuspoliitikaga. Seet\u00f5ttu soovitame teil perioodiliselt seda lehte \u00fcle vaadata.<\/p><h3>\u00a0<\/h3><h2>Kuidas me kasutame teie teavet:<\/h2><p>Kasutame teie kohta kogutud teavet j\u00e4rgmiste eesm\u00e4rkide saavutamiseks:<\/p><ol><li>Turundus\/ Reklaam<\/li><li>Klienditeeninduse kommentaarid<\/li><li>Haldusinfo<\/li><li>Sihtreklamatsioon<\/li><li>Vaidluste lahendamine<\/li><\/ol><p>Kui me soovime teie teavet kasutada m\u00f5nel muul eesm\u00e4rgil, k\u00fcsime teilt n\u00f5usolekut ja kasutame teie teavet ainult p\u00e4rast teie n\u00f5usoleku saamist ning ainult nende eesm\u00e4rkide jaoks, milleks n\u00f5usolek anti, kui seadus ei n\u00f5ua teisiti.<\/p><h3>\u00a0<\/h3><h2>Teie \u00f5igused:<\/h2><p>S\u00f5ltuvalt kehtivatest seadustest v\u00f5ivad teil olla \u00f5igused teie isikuandmetele juurde p\u00e4\u00e4semiseks, nende parandamiseks v\u00f5i kustutamiseks v\u00f5i nende koopiate saamiseks, andmete aktiivse t\u00f6\u00f6tlemise piiramiseks v\u00f5i sellele vastuv\u00e4ite esitamiseks, paluda meil teie isikuandmeid teisele isikule edastada (porteerida), t\u00fchistada k\u00f5ik n\u00f5usolekud, mille olete andnud andmete t\u00f6\u00f6tlemiseks, esitada kaebus seadusandlikule asutusele ning muud \u00f5igused, mis v\u00f5ivad olla asjakohased vastavalt kehtivatele seadustele. Nende \u00f5iguste kasutamiseks v\u00f5ite kirjutada meile aadressil <a href=\"mailto:info@krada.eu\">info@krada.eu<\/a>. Vastame teie taotlusele vastavalt kehtivale seadusele.<\/p><p>Pange t\u00e4hele, et kui te ei luba meil koguda v\u00f5i t\u00f6\u00f6delda vajalikku isikuandmeid v\u00f5i kui t\u00fchistate n\u00f5usoleku nende t\u00f6\u00f6tlemiseks vajalike eesm\u00e4rkide jaoks, ei pruugi teil olla v\u00f5imalik p\u00e4\u00e4seda ligi ega kasutada teenuseid, mille jaoks teie teavet on k\u00fcsitud.<\/p><h3>\u00a0<\/h3><h2>K\u00fcpsised jne.<\/h2><p>Kuidas me neid kasutame ja millised on teie valikud nende j\u00e4lgimistehnoloogiate osas, saate rohkem teada meie <a href=\"https:\/\/krada.eu\/et\/kupsiste-poliitika\/\">K\u00fcpsiste poliitikast<\/a>.<\/p><h3>\u00a0<\/h3><h2>Turvalisus:<\/h2><p>Teie teabe turvalisus on meile oluline, ning me rakendame m\u00f5istlikke turvameetmeid, et v\u00e4ltida teie kontrolli all oleva teabe kadumist, vale kasutamist v\u00f5i volitamata muutmist. Kuid arvestades sisemisi riske, ei saa me garanteerida absoluutset turvalisust ning seet\u00f5ttu ei saa me tagada ega garanteerida teie edastatud teabe turvalisust; teete seda omal vastutusel.<\/p><h3>\u00a0<\/h3><h2>Kaebuste \/ andmekaitseametnik:<\/h2><p>Kui teil on k\u00fcsimusi v\u00f5i muresid seoses teie andmete t\u00f6\u00f6tlemisega, mis on meie k\u00e4sutuses, v\u00f5ite saata e-kirja meie kaebuste ametnikule aadressil Krada O\u00dc, <span style=\"text-align: var(--text-align);\">Veeru 18-47, Maardu, 74113, Estonia<\/span> <span style=\"color: var( --e-global-color-text ); font-family: var( --e-global-typography-text-font-family ), Sans-serif; font-weight: var( --e-global-typography-text-font-weight ); text-align: var(--text-align); font-size: 1rem;\">Country<\/span> <span style=\"color: var( --e-global-color-text ); font-family: var( --e-global-typography-text-font-family ), Sans-serif; font-weight: var( --e-global-typography-text-font-weight ); text-align: var(--text-align); font-size: 1rem;\">email:<\/span> <a style=\"font-family: var( --e-global-typography-text-font-family ), Sans-serif; font-weight: var( --e-global-typography-text-font-weight ); text-align: var(--text-align); background-color: #ffffff; font-size: 1rem;\" href=\"mailto:info@krada.eu\">info@krada.eu<\/a><span style=\"color: var( --e-global-color-text ); font-family: var( --e-global-typography-text-font-family ), Sans-serif; font-weight: var( --e-global-typography-text-font-weight ); text-align: var(--text-align); font-size: 1rem;\">. K\u00e4sitleme teie muresid vastavalt kehtivale seadusele.<\/span><\/p>\t\t\t\t\t\t\t\t<\/div>\n\t\t\t\t<\/div>\n\t\t\t\t\t<\/div>\n\t\t\t\t<\/div>\n\t\t\t\t<\/div>\n\t\t","protected":false},"excerpt":{"rendered":"<p>Privaatsuspoliitika Viimati uuendatud 19.07.2024J\u00f5ustumise kuup\u00e4ev 19.07.2024 See privaatsuspoliitika kirjeldab Krada O\u00dc poliitikaid Veeru 18-47, Maardu, 74113, Estonia Country email: info@krada.eu, phone: +372 51 76 482 teavet teie andmete kogumise, kasutamise ja avalikustamise kohta, mida me kogume, kui kasutate meie veebisaiti ( https:\/\/krada.eu ). (\u201cTeenust\u201d). Teenusele juurde p\u00e4\u00e4semise v\u00f5i selle kasutamisega n\u00f5ustute teabe kogumise, kasutamise ja [&hellip;]<\/p>\n","protected":false},"author":1,"featured_media":0,"parent":0,"menu_order":0,"comment_status":"closed","ping_status":"closed","template":"","meta":{"footnotes":""},"class_list":["post-535","page","type-page","status-publish","hentry"],"_links":{"self":[{"href":"https:\/\/krada.eu\/et\/wp-json\/wp\/v2\/pages\/535","targetHints":{"allow":["GET"]}}],"collection":[{"href":"https:\/\/krada.eu\/et\/wp-json\/wp\/v2\/pages"}],"about":[{"href":"https:\/\/krada.eu\/et\/wp-json\/wp\/v2\/types\/page"}],"author":[{"embeddable":true,"href":"https:\/\/krada.eu\/et\/wp-json\/wp\/v2\/users\/1"}],"replies":[{"embeddable":true,"href":"https:\/\/krada.eu\/et\/wp-json\/wp\/v2\/comments?post=535"}],"version-history":[{"count":20,"href":"https:\/\/krada.eu\/et\/wp-json\/wp\/v2\/pages\/535\/revisions"}],"predecessor-version":[{"id":726,"href":"https:\/\/krada.eu\/et\/wp-json\/wp\/v2\/pages\/535\/revisions\/726"}],"wp:attachment":[{"href":"https:\/\/krada.eu\/et\/wp-json\/wp\/v2\/media?parent=535"}],"curies":[{"name":"wp","href":"https:\/\/api.w.org\/{rel}","templated":true}]}}